{"id":1651,"date":"2016-09-15T06:49:46","date_gmt":"2016-09-15T06:49:46","guid":{"rendered":"http:\/\/www.rosabianca.org\/?page_id=1651"},"modified":"2016-09-15T06:53:44","modified_gmt":"2016-09-15T06:53:44","slug":"scuola-estiva-2016","status":"publish","type":"page","link":"https:\/\/www.rosabianca.org\/?page_id=1651","title":{"rendered":"Scuola estiva 2016"},"content":{"rendered":"<p><strong>Pi\u00f9 lento, pi\u00f9 dolce, pi\u00f9 profondo\u201d<\/strong><br \/>\n<strong> Parole e azioni utopiche per il nostro tempo<\/strong><br \/>\n23-28 agosto 2016 \u2013 Convento di Terzolas \u2013 Val di Sole (TN)<\/p>\n<p>\u00abLa nostra civilt\u00e0 ha bisogno di \u201cdisarmare\u201d e di \u201cdigiunare\u201d &#8211; altrimenti rompe ogni equilibrio ed impedisce ogni possibile giustizia e sviluppo durevole. Il pretenzioso motto olimpico del \u201ccitius, altius, fortius\u201d [pi\u00f9 veloce, pi\u00f9 alto, pi\u00f9 forte] che contiene la quintessenza della nostra cultura della competizione, dovr\u00e0 urgentemente convertirsi in un pi\u00f9 modesto, ma pi\u00f9 vitale \u201clentius, profundius, dulcius\u201d [pi\u00f9 lento, pi\u00f9 profondo, pi\u00f9 dolce]\u00bb<br \/>\n(Alexander Langer)<\/p>\n<p><strong>PROGRAMMA<\/strong><\/p>\n<p>Marted\u00ec 23 agosto<\/p>\n<p>ore 16.00: lettura del quinto volantino della Weisse Rose e della Carta dei diritti dell\u2019Umanit\u00e0 al passo del Tonale, sul vecchio confine del primo conflitto mondiale simbolo di luoghi dove in nome di terre, bandiere vennero seminate distruzione e vittime in guerre in cui veniva insultata e maltrattata l\u2019umanit\u00e0.<\/p>\n<p>Mercoled\u00ec 24 agosto<\/p>\n<p>ore 14.30: Percorso dolce e lieve nel Parco dello Stelvio<\/p>\n<p>Serata introduttiva<br \/>\nore 21.00: \u201cPI\u00d9 LENTO, PI\u00d9 DOLCE\u201d<br \/>\nPluralit\u00e0 di sguardi, ponti di conoscenza.<\/p>\n<p>Gioved\u00ec 25 agosto<br \/>\nore 8.00 Meditazione mattutina<br \/>\nColtivare e custodire il giardino del mondo<\/p>\n<p>ore 9.45: Introduzione alla scuola<br \/>\nFABIO CANERI e FRANCA FILIPPONE<br \/>\nRosa Bianca<\/p>\n<p>ore 10.30: \u201cPI\u00d9 LENTO, PI\u00d9 PROFONDO\u201d<br \/>\nOltrepassare i confini, aprire le frontiere, abbattere i muri<br \/>\nGIULIANA MARTIRANI docente di geografia politica ed economica<br \/>\nFRANCESCO COMINA giornalista e saggista<\/p>\n<p>ore 15.00: IL LAVORO nella BIBBIA<br \/>\nPer una lettura su dignit\u00e0 umana ed economia<br \/>\nESTER ABBATTISTA biblista<\/p>\n<p>ore 17.00: LA FORZA DELL\u2019UTOPIA<br \/>\nCercando una societ\u00e0 pi\u00f9 giusta<br \/>\nANDREA SCHIR presidente casa editrice \u201cIl margine\u201d<br \/>\nFRANCESCO GHIA docente di filosofia dell&#8217;Universit\u00e0 di Trento<\/p>\n<p>SERATA PUBBLICA &#8211; 25 AGOSTO<br \/>\npresso la Sala Assemblee<br \/>\nComunit\u00e0 di Valle a Mal\u00e8<br \/>\nore 21.00:<br \/>\nDIALOGO SULLA COSTITUZIONE<br \/>\ntra riforme e incompiutezza<br \/>\nPer una giovane Costituzione<br \/>\nSTEFANO CECCANTI docente di diritto pubblico comparato all\u2019universit\u00e0 La Sapienza di Roma<br \/>\nVALERIO ONIDA presidente emerito Corte Costituzionale<br \/>\nDONATA BORGONOVO RE docente di diritto pubblico all&#8217;Universit\u00e0 di Trento<br \/>\nPASQUALE PROFITI magistrato<br \/>\ncoordina<br \/>\nGRAZIA VILLA Rosa Bianca<\/p>\n<p>Venerd\u00ec 26 agosto<\/p>\n<p>ore 8.00 Meditazione mattutina<br \/>\nOgni creatura oggetto della tenerezza del Padre<\/p>\n<p>ore 9.30: Laboratori di pratiche,<br \/>\npalestre di idee<br \/>\n\u2022 ABC parole nuove per l\u2019isola di Utopia<br \/>\ncon Grazia Villa<br \/>\n\u2022 Pratiche di cittadinanza locale<br \/>\ncon Mattia Mestroni<br \/>\n\u2022 Le favole sono utopia<br \/>\ncon Claudia Ossati<br \/>\n\u2022 Dire Democrazia, in una dimensione Europea<br \/>\ncon Urbano Tocci<br \/>\n\u2022 Ambiente, la sfida di tempi nuovi<br \/>\ncon Sandro Cargnelutti<br \/>\n\u2022 Riappropriarsi degli spazi comuni<br \/>\ncon Gianluca Cantisani<\/p>\n<p>ore 15.00: VITE IN FUGA, IMMIGRATI E OPPRESSI PROVOCANO L\u2019EUROPA<br \/>\nUnica terra, unica famiglia umana<br \/>\ntestimonianza di<br \/>\nROBERTO ZUCCOLINI comunit\u00e0 di Sant\u2019Egidio<br \/>\nALIDAD SHIRI giornalista, autore di \u201cVia dalla Pazza Guerra\u201d<br \/>\nVALENTINA BRINIS psicologa e ricercatrice per \u201cA Buon Diritto\u201d<\/p>\n<p>ore 21.00: JANUS KORCZAK: l&#8217;umanesimo a misura di bambino<br \/>\nDiritti dei deboli per l\u2019umanit\u00e0 del futuro<br \/>\nPAOLO MARANGON docente di storia della pedagogia<\/p>\n<p>Sabato 27 agosto<br \/>\nore 8.00 Meditazione mattutina<br \/>\nContemplare l\u2019immensa dignit\u00e0 del povero<\/p>\n<p>ore 9.30: LA RIGENERAZIONE DEI BENI COMUNI<br \/>\nEcologia della vita quotidiana<br \/>\nSANDRO CARGNELUTTI presidente Lega Ambiente Friuli Venezia Giulia<br \/>\nGIANLUCA CANTISANI presidente nazionale MoVI<\/p>\n<p>ore 14.30: Assemblea Rosa Bianca<\/p>\n<p>INCONTRO PUBBLICO<br \/>\npresso Palazzo Torraccia a Terzolas<br \/>\nore 16.00: LA POLITICA GENERATIVA<br \/>\nColtivare Utopie, spazi di mediazione culturale e di elaborazione comune<br \/>\nIncontro con politici e amministratori locali partire dalle riflessioni su \u201cLa politica generativa\u201d scaturite dal percorso di Guglielmo Minervini<br \/>\nMARGHERITA SILVESTRINI consigliera comunale di Gallarate<br \/>\nMARCO FENAROLI assessore alla partecipazione comune di Brescia<br \/>\nANNA PANIZZA sindaca di Vermiglio<br \/>\ncoordina<br \/>\nVIOLETTA PLOTEGHER\u00a0assessora regionale\u00a0Trentino &#8211; Alto Adige<\/p>\n<p>ore 21.00: Spettacolo teatrale<br \/>\nINVISIBILI<br \/>\ndi e con MOHAMED BA<\/p>\n<p>Domenica 28 agosto<\/p>\n<p>ore 9.30: EUROPA E NON SOLO<br \/>\nle citt\u00e0, luoghi di cambiamento<br \/>\nLa visione europea e mediterranea a confronto con utopie di giovani e le promesse di futuro<br \/>\nIRENE GIUNTELLA giornalista<br \/>\nDAVIDE BANIS studente<br \/>\nSTEFANO VACCARO funzionario commiss. UE<br \/>\nFRANCESCO CARGNELUTTI ricercatore<br \/>\ncoordina<br \/>\nGRAZIA VILLA Rosa Bianca<\/p>\n","protected":false},"excerpt":{"rendered":"<p>Pi\u00f9 lento, pi\u00f9 dolce, pi\u00f9 profondo\u201d Parole e azioni utopiche per il nostro tempo 23-28 agosto 2016 \u2013 Convento di Terzolas \u2013 Val di Sole (TN) \u00abLa nostra civilt\u00e0 ha bisogno di \u201cdisarmare\u201d e di \u201cdigiunare\u201d &#8211; altrimenti rompe ogni equilibrio ed impedisce ogni possibile giustizia e sviluppo durevole. Il pretenzioso motto olimpico del \u201ccitius, &hellip; <a href=\"https:\/\/www.rosabianca.org\/?page_id=1651\" class=\"more-link\">Continua la lettura di <span class=\"screen-reader-text\">Scuola estiva 2016<\/span> <span class=\"meta-nav\">&rarr;<\/span><\/a><\/p>\n","protected":false},"author":3,"featured_media":1578,"parent":930,"menu_order":0,"comment_status":"closed","ping_status":"closed","template":"","meta":{"footnotes":""},"class_list":["post-1651","page","type-page","status-publish","has-post-thumbnail","hentry"],"publishpress_future_action":{"enabled":false,"date":"2026-05-06 01:52:48","action":"change-status","newStatus":"draft","terms":[],"taxonomy":"","extraData":[]},"publishpress_future_workflow_manual_trigger":{"enabledWorkflows":[]},"_links":{"self":[{"href":"https:\/\/www.rosabianca.org\/index.php?rest_route=\/wp\/v2\/pages\/1651","targetHints":{"allow":["GET"]}}],"collection":[{"href":"https:\/\/www.rosabianca.org\/index.php?rest_route=\/wp\/v2\/pages"}],"about":[{"href":"https:\/\/www.rosabianca.org\/index.php?rest_route=\/wp\/v2\/types\/page"}],"author":[{"embeddable":true,"href":"https:\/\/www.rosabianca.org\/index.php?rest_route=\/wp\/v2\/users\/3"}],"replies":[{"embeddable":true,"href":"https:\/\/www.rosabianca.org\/index.php?rest_route=%2Fwp%2Fv2%2Fcomments&post=1651"}],"version-history":[{"count":1,"href":"https:\/\/www.rosabianca.org\/index.php?rest_route=\/wp\/v2\/pages\/1651\/revisions"}],"predecessor-version":[{"id":1652,"href":"https:\/\/www.rosabianca.org\/index.php?rest_route=\/wp\/v2\/pages\/1651\/revisions\/1652"}],"up":[{"embeddable":true,"href":"https:\/\/www.rosabianca.org\/index.php?rest_route=\/wp\/v2\/pages\/930"}],"wp:featuredmedia":[{"embeddable":true,"href":"https:\/\/www.rosabianca.org\/index.php?rest_route=\/wp\/v2\/media\/1578"}],"wp:attachment":[{"href":"https:\/\/www.rosabianca.org\/index.php?rest_route=%2Fwp%2Fv2%2Fmedia&parent=1651"}],"curies":[{"name":"wp","href":"https:\/\/api.w.org\/{rel}","templated":true}]}}