{"id":1970,"date":"2018-03-17T22:45:33","date_gmt":"2018-03-17T22:45:33","guid":{"rendered":"http:\/\/www.rosabianca.org\/?page_id=1970"},"modified":"2018-03-18T08:23:56","modified_gmt":"2018-03-18T08:23:56","slug":"scuola-estiva-2017","status":"publish","type":"page","link":"https:\/\/www.rosabianca.org\/?page_id=1970","title":{"rendered":"Scuola estiva 2017"},"content":{"rendered":"<p><strong>I Care. democrazia e prossimit\u00e0? Riappropriarsi delle parole con pratiche di vita<\/strong><br \/>\nScuola di formazione della Rosa Bianca<br \/>\n22 &#8211; 27 agosto 2017 \u2013 Convento di Terzolas \u2013 Val di Sole (TN)<\/p>\n<p><strong><a href=\"https:\/\/www.rosabianca.org\/wp-content\/uploads\/Terzolas2017.jpg\"><img loading=\"lazy\" decoding=\"async\" class=\"size-medium wp-image-2014 alignright\" src=\"https:\/\/www.rosabianca.org\/wp-content\/uploads\/Terzolas2017-300x225.jpg\" alt=\"\" width=\"300\" height=\"225\" srcset=\"https:\/\/www.rosabianca.org\/wp-content\/uploads\/Terzolas2017-300x225.jpg 300w, https:\/\/www.rosabianca.org\/wp-content\/uploads\/Terzolas2017-250x188.jpg 250w, https:\/\/www.rosabianca.org\/wp-content\/uploads\/Terzolas2017.jpg 448w\" sizes=\"auto, (max-width: 300px) 100vw, 300px\" \/><\/a><a href=\"https:\/\/www.rosabianca.org\/wp-content\/uploads\/Terzoolas-2017.jpg\"><img loading=\"lazy\" decoding=\"async\" class=\"size-medium wp-image-2015 alignright\" src=\"https:\/\/www.rosabianca.org\/wp-content\/uploads\/Terzoolas-2017-300x225.jpg\" alt=\"\" width=\"300\" height=\"225\" srcset=\"https:\/\/www.rosabianca.org\/wp-content\/uploads\/Terzoolas-2017-300x225.jpg 300w, https:\/\/www.rosabianca.org\/wp-content\/uploads\/Terzoolas-2017-250x188.jpg 250w, https:\/\/www.rosabianca.org\/wp-content\/uploads\/Terzoolas-2017.jpg 448w\" sizes=\"auto, (max-width: 300px) 100vw, 300px\" \/><\/a>Programma <\/strong><\/p>\n<p><strong>Marted\u00ec 22 agosto<\/strong><br \/>\nCLIMA, UN BENE COMUNE DA SALVAGUARDARE<br \/>\nOre 15.00 Percorso sul fiume Noce<\/p>\n<p>Ore 17.30 Ambiente e cambiamenti climatici<br \/>\nParco nazionale dello Stelvio e \u201crete di riserve\u201dcon Laura Marinelli e Ivan Callovi.<\/p>\n<p>Mercoled\u00ec 23 agosto<br \/>\nABITARE IL TERRITORIO, RELAZIONI CHE GENERANO IL CAMBIAMENTO<\/p>\n<p>Ore 9.30 Percorso guidato sul territorio Terzolas\/Val di Rabbi<br \/>\nCamminata adatta per tutti\/e, accompagnati da Giorgio Rizzi<\/p>\n<p>Ore 16.30 I territori e i beni comuni, coltivare e realizzare idee per un ambiente sostenibile<\/p>\n<p>Incontro con amministratori locali, esperienze e progetti di coesione sociale<br \/>\nAndrea Lazzaroni \u2013 sindaco di Dimaro \u2013 Folgarida<br \/>\nAnna Panizza \u2013 sindaca di Vermiglio<br \/>\nLuciana Pedergnana \u2013 assessora alle politiche sociali Comunit\u00e0 della Val di Sole<\/p>\n<p>Ore 21.00 La speranza di un ordine giusto<br \/>\nRicerca, formazione e passione politica nel segno di Gigi Pedrazzi<br \/>\ncon interventi di Vincenzo Passerini, Grazia Villa, &#8230;<\/p>\n<p>Gioved\u00ec 24 agosto<br \/>\n&#8220;I CARE&#8221;: PAROLE PER LA BUONA VITA<br \/>\nOre 8.00 meditazione Sono forse io il custode di mio fratello?<\/p>\n<p>Ore 9.15 Democrazia e prossimit\u00e0? Riappropriarsi delle parole.<br \/>\nFabio Caneri \u2013 Rosa Bianca<\/p>\n<p>Ore 10.00 Pensare il mondo a partire dalla nascita<br \/>\nUna visione sul mondo con una diversa ottica<br \/>\nincontro con Ina Praetorius \u2013 teologa di fede evangelica e autrice di \u201cPenelope a Davos\u201d<\/p>\n<p>Ore 15.00 Laboratori e pratiche<br \/>\nPercorsi e strumenti nella complessit\u00e0, tra incertezze e sfide.<br \/>\nIncontri e confronti su<br \/>\nlavoro e partecipazione con Francesco Lauria scuola e educazione alla cittadinanza con Lisa Xausa<br \/>\nABC della buona vita con Franca Filippone gestione dei conflitti con Grazia Villa<\/p>\n<p>Ore 17.45 Assemblea della Rosa Bianca<\/p>\n<p>Ore 21.00 La grande frontiera che pu\u00f2 capovolgere l\u2019ordine del mondo<br \/>\ncon Marina De Chiara &#8211; docente di Letteratura inglese all&#8217;Orientale di Napoli e autrice di &#8220;Oltre la gabbia. Ordine coloniale e arte di confine&#8221;<br \/>\nRiccardo Petrella \u2013 economista e autore di \u201cNel nome dell\u2019Umanit\u00e0\u201d<\/p>\n<p>Venerd\u00ec 25 agosto<br \/>\nPER UN BEN-ESSERE EQUO E SOCIALE<br \/>\nOre 8.00 meditazione Cura e prossimit\u00e0<\/p>\n<p>Ore 9.15 Conseguenze politico-sociali della distribuzione dei redditi e della ricchezza<br \/>\nProposte di approfondimento di<br \/>\nDavide Fiaschi \u2013 docente di Economia Politica \u2013 universit\u00e0 di Pisa<br \/>\nFausto Gozzi \u2013 docente di Matematica applicata alla Finanza \u2013 Luiss Roma<\/p>\n<p>Ore 15.00 World Caf\u00e8 sui temi della mattinata e riflessioni scaturite<br \/>\nanimato da<br \/>\nMelania Ceccarelli \u2013 operatrice sociale esperta in processi partecipativi<\/p>\n<p>Ore 21.00 Il lavoro come cura e relazione<br \/>\nLavoro e partecipazione, quando la democrazia \u00e8 un bene fragile<br \/>\nSandro Antoniazzi \u2013 Comunit\u00e0 e lavoro<br \/>\nRoberto Zini &#8211; vicepresidente Associazione Industriale Bresciana con delega al lavoro<\/p>\n<p>Sabato 26 agosto<br \/>\n\u201cSORTIRNE TUTTI INSIEME \u00c8 LA POLITICA\u201d<br \/>\nOre 8.00 meditazione custodia del creato, per una ecologia integrale<\/p>\n<p>Ore 9.15 Green society: i germi di un futuro possibile<br \/>\nSandro Cargnelutti \u2013 presidente Legambiente FVG<br \/>\nVittorio Cogliati Dezza \u2013autore di \u201calla scoperta della Green Society\u201d, ex presidente Legaambiente<\/p>\n<p>Ore 14.45 Sostenibilit\u00e0 e prossimit\u00e0<br \/>\nDialogo esperienze sul territorio e amministratori<br \/>\nCarlo Daldoss \u2013 assessore alla coesione territoriale, Provincia Autonoma di Trento<br \/>\nEmilio Del Bono \u2013 sindaco di Brescia<br \/>\nFrancesca Benciolini \u2013 assessora decentramento e sussidiariet\u00e0, Comune di Padova<br \/>\nFelice Scalvini \u2013 assessore ai servizi sociali, Comune di Brescia<\/p>\n<p>Ore 17.30 \u201c\u00c8 comodo accettare il mondo cos\u00ec com\u2019\u00e8\u201d<br \/>\nObbedienza e libert\u00e0 di coscienza oggi<br \/>\nlaboratorio con Piergiorgio Reggio, Andrea Bortolotti, Orietta Fedrizzi e Luciana Pedergnana<\/p>\n<p>Ore 21.00 Spettacolo<br \/>\nCome maestro &#8211; l&#8217; obbedienza non \u00e8 pi\u00f9 una virt\u00f9<br \/>\nconfronto su don Milani, 50 anni dopo<br \/>\na cura di Piergiorgio Reggio e Francesco Comina<\/p>\n<p>Domenica 27 agosto<br \/>\nENERGIE E SPERIMENTAZIONI DI OGGI, REALT\u00c0 DI DOMANI.<\/p>\n<p>Ore 9.30 Il percorso della Wei\u00dfe Rose Stiftung con Umberto Ludovici \u2013 ricercatore fondazione Wei\u00dfe Rose<\/p>\n<p>Ore 10.00 Esperienze a confronto, scommessa per il futuro<br \/>\nNuovi percorsi e promesse di fronte al cambiamento<br \/>\nGianfranco Refosco \u2013 segretario CISL Veneto<br \/>\nFrancesca Parmigiani \u2013 presidente commissione consiliare partecipazione Comune di Brescia<br \/>\nMichele Nicoletti \u2013 presidente delegazione parlamentare italiana presso il Consiglio d&#8217;Europa<\/p>\n<p>Ore 12.00 Conclusioni<\/p>\n","protected":false},"excerpt":{"rendered":"<p>I Care. democrazia e prossimit\u00e0? Riappropriarsi delle parole con pratiche di vita Scuola di formazione della Rosa Bianca 22 &#8211; 27 agosto 2017 \u2013 Convento di Terzolas \u2013 Val di Sole (TN) Programma Marted\u00ec 22 agosto CLIMA, UN BENE COMUNE DA SALVAGUARDARE Ore 15.00 Percorso sul fiume Noce Ore 17.30 Ambiente e cambiamenti climatici Parco &hellip; <a href=\"https:\/\/www.rosabianca.org\/?page_id=1970\" class=\"more-link\">Continua la lettura di <span class=\"screen-reader-text\">Scuola estiva 2017<\/span> <span class=\"meta-nav\">&rarr;<\/span><\/a><\/p>\n","protected":false},"author":1,"featured_media":1578,"parent":1965,"menu_order":0,"comment_status":"closed","ping_status":"closed","template":"","meta":{"footnotes":""},"class_list":["post-1970","page","type-page","status-publish","has-post-thumbnail","hentry"],"publishpress_future_action":{"enabled":false,"date":"2026-05-06 01:54:17","action":"change-status","newStatus":"draft","terms":[],"taxonomy":"","extraData":[]},"publishpress_future_workflow_manual_trigger":{"enabledWorkflows":[]},"_links":{"self":[{"href":"https:\/\/www.rosabianca.org\/index.php?rest_route=\/wp\/v2\/pages\/1970","targetHints":{"allow":["GET"]}}],"collection":[{"href":"https:\/\/www.rosabianca.org\/index.php?rest_route=\/wp\/v2\/pages"}],"about":[{"href":"https:\/\/www.rosabianca.org\/index.php?rest_route=\/wp\/v2\/types\/page"}],"author":[{"embeddable":true,"href":"https:\/\/www.rosabianca.org\/index.php?rest_route=\/wp\/v2\/users\/1"}],"replies":[{"embeddable":true,"href":"https:\/\/www.rosabianca.org\/index.php?rest_route=%2Fwp%2Fv2%2Fcomments&post=1970"}],"version-history":[{"count":2,"href":"https:\/\/www.rosabianca.org\/index.php?rest_route=\/wp\/v2\/pages\/1970\/revisions"}],"predecessor-version":[{"id":2016,"href":"https:\/\/www.rosabianca.org\/index.php?rest_route=\/wp\/v2\/pages\/1970\/revisions\/2016"}],"up":[{"embeddable":true,"href":"https:\/\/www.rosabianca.org\/index.php?rest_route=\/wp\/v2\/pages\/1965"}],"wp:featuredmedia":[{"embeddable":true,"href":"https:\/\/www.rosabianca.org\/index.php?rest_route=\/wp\/v2\/media\/1578"}],"wp:attachment":[{"href":"https:\/\/www.rosabianca.org\/index.php?rest_route=%2Fwp%2Fv2%2Fmedia&parent=1970"}],"curies":[{"name":"wp","href":"https:\/\/api.w.org\/{rel}","templated":true}]}}