{"id":2093,"date":"2018-09-04T04:30:03","date_gmt":"2018-09-04T04:30:03","guid":{"rendered":"http:\/\/www.rosabianca.org\/?page_id=2093"},"modified":"2020-08-13T18:03:30","modified_gmt":"2020-08-13T18:03:30","slug":"scuola-estiva-2018","status":"publish","type":"page","link":"https:\/\/www.rosabianca.org\/?page_id=2093","title":{"rendered":"Scuola estiva 2018"},"content":{"rendered":"\n<p class=\"has-text-color has-green-color\"><strong>Sconfinamenti<\/strong>, tra sogni e visioni<br><em>Per un futuro di speranza e un impegno condiviso<\/em><\/p>\n\n\n\n<p><strong>Programma \u00a0<\/strong><br>(dove segnato con <strong>(<u>\u2119<\/u>) <\/strong><em>\u00e8 un<\/em><strong> <\/strong><em>evento pubblico)<\/em><strong><br><\/strong><\/p>\n\n\n\n<p><strong>Mercoled\u00ec 22 agosto 2018<\/strong><\/p>\n\n\n\n<p><em>Arrivi e contatto con il territorio<\/em><\/p>\n\n\n\n<p><em>ore 15: <\/em>Percorsi in Val di Sole, mete e attivit\u00e0<\/p>\n\n\n\n<p><em>Serata introduttiva<\/em><\/p>\n\n\n\n<p><em>ore 21: <\/em><strong>La solitudine di Omran<\/strong><\/p>\n\n\n\n<p>Profughi e migranti, cronache di una rivoluzione<strong>(<\/strong><strong><u>\u2119<\/u><\/strong><strong>)<em><br><\/em><\/strong>[<em>presso la Torraccia di Terzolas<\/em>]<\/p>\n\n\n\n<p><em>Vincenzo Passerini e Giorgio Romagnoni<\/em><\/p>\n\n\n\n<p><strong>Gioved\u00ec 23 agosto 2018<\/strong><\/p>\n\n\n\n<p><em>Giornata introduttiva<\/em><\/p>\n\n\n\n<p><em>ore 8.00: meditazione mattutina<br><\/em>\u201ci doni dello Spirito\u201d<\/p>\n\n\n\n<p><em>ore 9.30: Introduzione alla scuola<\/em><\/p>\n\n\n\n<p><em>Fabio Caneri<\/em><\/p>\n\n\n\n<p><strong><em>Sogni e visioni per il nostro tempo<\/em><\/strong><\/p>\n\n\n\n<p><em>Cristina Simonelli&nbsp;&nbsp;&nbsp;&nbsp;&nbsp;&nbsp;&nbsp;&nbsp;&nbsp;&nbsp;&nbsp;&nbsp; <\/em><em>coordinamento Teologhe italiane<\/em><\/p>\n\n\n\n<p><strong><em>Vita contemplativa e vita attiva<\/em><\/strong><\/p>\n\n\n\n<p><em>Lino Prenna&nbsp;&nbsp;&nbsp;&nbsp;&nbsp;&nbsp;&nbsp;&nbsp;&nbsp;&nbsp;&nbsp;&nbsp;&nbsp;&nbsp;&nbsp;&nbsp;&nbsp;&nbsp;&nbsp;&nbsp;&nbsp;&nbsp; <\/em><em>docente di Filosofia<\/em><\/p>\n\n\n\n<p><em>ore 15.00: <strong>laboratori <\/strong><\/em>su<\/p>\n\n\n\n<ul class=\"wp-block-list\"><li><em>Confrontandosi con la Laudato S\u00ec<\/em><\/li><li><em>Scuola e animazione culturale<\/em> con Sara Caneri<\/li><li><em>Lavoro e cura<\/em> con Sara Villa<\/li><li><em>Progettazione partecipata<\/em> con Franco Bagnarol<\/li><li><em>Sconfinamenti della Voce come luogo di nascita di relazioni corali<\/em> con Grazia Villa<\/li><\/ul>\n\n\n\n<p><em>ore 17.15: <\/em><strong>Assemblea Rosa Bianca<\/strong><strong><em><\/em><\/strong><\/p>\n\n\n\n<p><em>ore 21.00: <\/em><strong>Europa politica, tra Inclusione, solidariet\u00e0, sviluppo, promessa di pace <\/strong><strong>(<\/strong><strong><u>\u2119<\/u><\/strong><strong>)<em><br><\/em><\/strong>[<em>presso la Sala della Comunit\u00e0 della Valle di Sole a Mal\u00e8<\/em>]<\/p>\n\n\n\n<p>Una visione <em>non rassegnata<\/em> alle memorie divisive<\/p>\n\n\n\n<p><em>Elly Schlein\u00a0\u00a0\u00a0\u00a0\u00a0\u00a0\u00a0\u00a0\u00a0\u00a0\u00a0\u00a0\u00a0\u00a0\u00a0 parlamentare europea, alleanza progressista dei Socialisti e Democratici<\/em><br><em>Michele Nicoletti \u00a0\u00a0 gi\u00e0 presidente assemblea parlamentare Consiglio d\u2019Europa<\/em><\/p>\n\n\n\n<p><strong>Venerd\u00ec 24 agosto 2018<\/strong><\/p>\n\n\n\n<p><em>Per uno sguardo storico politico<\/em><\/p>\n\n\n\n<p><em>ore 8.00: meditazione mattutina<br><\/em>\u201ccura della casa comune\u201d<\/p>\n\n\n\n<p><em>ore 9.30: <strong>Le Nuove Destre, in Italia e in Europa<\/strong><\/em><\/p>\n\n\n\n<p><em>Albertina Soliani\u00a0\u00a0\u00a0\u00a0\u00a0\u00a0\u00a0\u00a0\u00a0\u00a0\u00a0\u00a0\u00a0\u00a0 presidente Istituto Cervi<\/em><br><em>Paolo Ghezzi\u00a0\u00a0\u00a0\u00a0\u00a0 <\/em>\u00a0\u00a0\u00a0\u00a0\u00a0\u00a0\u00a0\u00a0\u00a0\u00a0\u00a0\u00a0\u00a0\u00a0\u00a0 <em>giornalista e autore<\/em><\/p>\n\n\n\n<p><em>ore 15.00: <strong>Formazione all\u2019autonomia<\/strong><\/em><\/p>\n\n\n\n<p><em>l\u2019esperienza di\u00a0 Easy to read con Livia De Carli<\/em><\/p>\n\n\n\n<p><em>ore 16.15: <strong>Laboratori <\/strong><\/em>su partecipazione e esperienze locali<\/p>\n\n\n\n<ul class=\"wp-block-list\"><li><strong><em>Consigli di Quartiere<\/em><\/strong><em> &nbsp;&nbsp;&nbsp;&nbsp;&nbsp; con Michelangelo Ventura<\/em><\/li><li><strong><em>Associazione Prato in Fiera<\/em><\/strong><em>. Rigenerazione urbana e creazione di comunit\u00e0. Un prato per tutti con&nbsp; Dario Brollo<\/em><\/li><li><strong><em>Progettazione partecipata<\/em><\/strong><em> con cittadini e amministrazioni locali con Giorgio Volpe<\/em><\/li><li><strong><em>Internazionalizzazione in universit\u00e0<\/em><\/strong><em>: tra sogni e visioni con Agnese Cofler<\/em><\/li><\/ul>\n\n\n\n<p><em>ore 21.00: <\/em>Serata su<\/p>\n\n\n\n<p><strong>Dolomiti, Montagne-Uomini-Storie <\/strong><strong>(<\/strong><strong><u>\u2119<\/u><\/strong><strong>)<br><\/strong>[<em>presso la Sala della Comunit\u00e0 della Valle di Sole a Mal\u00e8<\/em>]<\/p>\n\n\n\n<p><em>Piero Badaloni e Fausta Slanzi<\/em><\/p>\n\n\n\n<p><strong>Sabato 25 agosto 2018<\/strong><\/p>\n\n\n\n<p><em>Ragionando su &nbsp;ambiente, economia, welfare<\/em><\/p>\n\n\n\n<p><em>ore 8.00: meditazione mattutina<br><\/em>\u201cUna spiritualit\u00e0 ecologica\u201d<\/p>\n\n\n\n<p><em>ore 9.30: <\/em><strong>Responsabilit\u00e0 &amp; sostenibilit\u00e0<\/strong><\/p>\n\n\n\n<p><em>Misurarci con le sfide che ci pongono l&#8217;ambiente, l&#8217;economia e il futuro<\/em><\/p>\n\n\n\n<p><em>Grammenos Mastrojeni &nbsp; <\/em><em>diplomatico, consulente esperto in temi ambientali<\/em><\/p>\n\n\n\n<p><em>Enrico Giovannini &nbsp;&nbsp;&nbsp;&nbsp;&nbsp;&nbsp;&nbsp;&nbsp;&nbsp;&nbsp;&nbsp;&nbsp;&nbsp;&nbsp; <\/em><em>ASVIS (Alleanza per lo sviluppo sostenibile)<\/em><\/p>\n\n\n\n<p><em>ore 15.00: <\/em><strong>Povert\u00e0 e disuguaglianza<br><\/strong><em>Redistribuzione e beni comuni <\/em><strong>(\u2119)<em><br><\/em><\/strong>[<em>presso la Torraccia di Terzolas<\/em>]<\/p>\n\n\n\n<p><em>Stefania Bonaldi \u00a0\u00a0\u00a0\u00a0\u00a0\u00a0\u00a0 sindaca di Crema<\/em><br><em>Roberta Osculati \u00a0\u00a0\u00a0\u00a0\u00a0\u00a0 consigliera comunale Milano<\/em><br><em>Anna\u00a0 Panizza\u00a0\u00a0\u00a0\u00a0\u00a0\u00a0\u00a0\u00a0\u00a0\u00a0\u00a0\u00a0 sindaca di Vermiglio<\/em><\/p>\n\n\n\n<p><em>Massimo Moretuzzo <\/em><em>consigliere Regione Friuli VG gi\u00e0 sindaco di Mereto (Ud)<\/em><\/p>\n\n\n\n<p><em>ore 18.00: <\/em><strong>Crescita inclusiva<\/strong><\/p>\n\n\n\n<p><em>ambiente, salute, lotta alle disuguaglianze <\/em><strong>&nbsp;<\/strong><strong>(<\/strong><strong><u>\u2119<\/u><\/strong><strong>)<em><br><\/em><\/strong>[<em>presso la Torraccia di Terzolas<\/em>]<\/p>\n\n\n\n<p><em>Chiara Braga &nbsp;&nbsp;&nbsp;&nbsp;&nbsp;&nbsp;&nbsp;&nbsp;&nbsp;&nbsp; <\/em><em>deputata PD \u2013 comm. Ambiente, Territorio<\/em><\/p>\n\n\n\n<p><em>ore 21.00: <\/em><strong>Abbiamo un sogno<br><\/strong><em>Quando Francesco and\u00f2 da don Tonino<\/em><strong>(<\/strong><strong><u>\u2119<\/u><\/strong><strong>)<em><br><\/em><\/strong>[<em>presso la Sala della Comunit\u00e0 della Valle di Sole a Mal\u00e8<\/em>]<\/p>\n\n\n\n<p><em>Francesco Comina &nbsp;&nbsp;&nbsp;&nbsp;&nbsp;&nbsp;&nbsp;&nbsp;&nbsp; <\/em><em>giornalista e autore<\/em><\/p>\n\n\n\n<p><strong>Domenica 26 agosto 2018<\/strong><\/p>\n\n\n\n<p><em>Politica, uno sguardo sul futuro<\/em><\/p>\n\n\n\n<p><em>ore 9.45: <\/em><strong>Amministratori e<\/strong> <strong>buone pratiche realizzate<\/strong><\/p>\n\n\n\n<p><em>Ambrogio Dionigi &nbsp;&nbsp;&nbsp;&nbsp; <\/em><em>\u201cInsieme per il lavoro\u201d&nbsp; Comune di Bologna<\/em><\/p>\n\n\n\n<p><em>Luciana Pedergnana Assessora comunit\u00e0 della Valle di Sole<\/em><\/p>\n\n\n\n<p><\/p>\n","protected":false},"excerpt":{"rendered":"<p>Sconfinamenti, tra sogni e visioniPer un futuro di speranza e un impegno condiviso Programma \u00a0(dove segnato con (\u2119) \u00e8 un evento pubblico) Mercoled\u00ec 22 agosto 2018 Arrivi e contatto con il territorio ore 15: Percorsi in Val di Sole, mete e attivit\u00e0 Serata introduttiva ore 21: La solitudine di Omran Profughi e migranti, cronache di &hellip; <a href=\"https:\/\/www.rosabianca.org\/?page_id=2093\" class=\"more-link\">Continua la lettura di <span class=\"screen-reader-text\">Scuola estiva 2018<\/span> <span class=\"meta-nav\">&rarr;<\/span><\/a><\/p>\n","protected":false},"author":1,"featured_media":0,"parent":0,"menu_order":0,"comment_status":"closed","ping_status":"closed","template":"","meta":{"footnotes":""},"class_list":["post-2093","page","type-page","status-publish","hentry"],"publishpress_future_action":{"enabled":false,"date":"2026-05-08 21:57:12","action":"change-status","newStatus":"draft","terms":[],"taxonomy":"","extraData":[]},"publishpress_future_workflow_manual_trigger":{"enabledWorkflows":[]},"_links":{"self":[{"href":"https:\/\/www.rosabianca.org\/index.php?rest_route=\/wp\/v2\/pages\/2093","targetHints":{"allow":["GET"]}}],"collection":[{"href":"https:\/\/www.rosabianca.org\/index.php?rest_route=\/wp\/v2\/pages"}],"about":[{"href":"https:\/\/www.rosabianca.org\/index.php?rest_route=\/wp\/v2\/types\/page"}],"author":[{"embeddable":true,"href":"https:\/\/www.rosabianca.org\/index.php?rest_route=\/wp\/v2\/users\/1"}],"replies":[{"embeddable":true,"href":"https:\/\/www.rosabianca.org\/index.php?rest_route=%2Fwp%2Fv2%2Fcomments&post=2093"}],"version-history":[{"count":2,"href":"https:\/\/www.rosabianca.org\/index.php?rest_route=\/wp\/v2\/pages\/2093\/revisions"}],"predecessor-version":[{"id":3301,"href":"https:\/\/www.rosabianca.org\/index.php?rest_route=\/wp\/v2\/pages\/2093\/revisions\/3301"}],"wp:attachment":[{"href":"https:\/\/www.rosabianca.org\/index.php?rest_route=%2Fwp%2Fv2%2Fmedia&parent=2093"}],"curies":[{"name":"wp","href":"https:\/\/api.w.org\/{rel}","templated":true}]}}