{"id":2242,"date":"2018-12-05T20:07:14","date_gmt":"2018-12-05T20:07:14","guid":{"rendered":"http:\/\/www.rosabianca.org\/?page_id=2242"},"modified":"2020-05-22T06:02:06","modified_gmt":"2020-05-22T06:02:06","slug":"la-rosa-bianca-in-italia","status":"publish","type":"page","link":"https:\/\/www.rosabianca.org\/?page_id=2242","title":{"rendered":"La Rosa Bianca in Italia"},"content":{"rendered":"<p><strong><u>STORIA<\/u><\/strong><\/p>\n<p>La memoria della Weisse Rose, le idee, le parole, l&#8217;azione politica di resistenza non violenta, il coraggio fino al martirio degli studenti di Monaco hanno affascinato ed affascinano generazioni di giovani europei.<\/p>\n<p>Negli ultimi anni la loro storia \u00e8 diventata patrimonio condiviso dell\u2019Europa, grazie al lavoro instancabile delle Associazioni tedesche e recentemente al successo del bellissimo film di Marc Rothemund, su Sophie Scholl, proiettato con dibattiti appassionati in molte scuole italiane (con maggiore diffusione dell&#8217;altrettanto provocante ed incisiva pellicola del 1989 di Michael Verhaeven, proiettata negli incontri dell&#8217;Associazione Rosa Bianca italiana)<\/p>\n<p>In Italia il nome della Rosa Bianca \u00e8 stato fatto conoscere, come sempre dovrebbe accadere per la storia, sia attraverso il racconto diretto di alcuni genitori che segnati dalla tragedia nazista, come nel caso Vittorio Emanuele Giuntella, padre dell&#8217;ispiratore della nascita della Rosa Bianca italiana Paolo Giuntella, consegnarono insieme al ricordo dei campi di sterminio e di lavoro, anche la memoria viva dei pochi dolorosi tentativi di resistenza, oppure attraverso qualche saggio consiglio di lettura come quella delle rare prime edizioni tradotte sulla vita dei fratelli Scholl.<\/p>\n<p>A partire dalla fine degli anni 70 il &#8220;noi non taceremo&#8221; dei martiri antinazisti ed il grido &#8220;viva la libert\u00e0&#8221; cominciarono a diventare le parole d&#8217;ordine di un gruppo di giovani cattolici impegnati nell&#8217;associazionismo (Azione cattolica, Fuci, Agesci, Acli&#8230;), in movimenti ecclesiali e politici, che decisero di ritrovarsi periodicamente per confrontarsi sulla realt\u00e0, progettare iniziative, scambiarsi letture formative, costruire stili di vita alternativi a quelli consumisti e &#8220;rampanti&#8221; che cominciavano a crescere nell&#8217;Italia dei primi anni &#8217;80.<\/p>\n<p>Erano gli anni di uscita dal terrorismo, dopo il rapimento e la morte di Aldo Moro, del mancato rinnovamento della Democrazia Cristiana, dei molteplici tentativi di coniugare il solidarisrmo cristiano con gli ideali socialisti, del diffondersi dei movimenti femministi. Tempi in cui la Chiesa italiana, dopo l&#8217;entusiasmo del convegno &#8220;Evangelizzazione e promozione umana&#8221;, nel solco delle speranze suscitate dal Concilio, non sembra accettare l&#8217;opzione di un pluralismo dei cattolici impegnati in politica.<\/p>\n<p>I giovani e le giovani che volevano essere &#8220;forti di spirito e teneri di cuore&#8221; trovarono ascolto e spazio di azione all&#8217;interno della Lega Democratica, movimento politico autonomo dai partiti, sorto a ridosso delle battaglie referendarie dei primi anni 70, in particolare quella sul divorzio, fondato ed animato da coloro che divennero dei veri e propri maestri viventi e che man mano andarono ad affiancarsi a quelli che tramite le letture, gli incontri personali, la memoria altrettanto viva e pericolosa erano i punti di riferimento ed il collante prezioso del pensiero e dell&#8217;azione politica di questo gruppo ancora in embrione.<\/p>\n<p>Non solo poterono continuare ad attingere alle eredit\u00e0 lasciate da Emmanuel Mounier, J.Jacques Maritain, M.Ghandi, M. Luther King, George Bernanos, Tommaso Moro, don Lorenzo Milani, don Primo Mazzolari, Giorgio La Pira, Edith Stein, Hannah Arendt, ma poterono cominciare ad ascoltare e dialogare con questi adulti (tra gli altri Achille Ardig\u00f2, Luigi Bazoli, Leonardo Benevolo, Angelo e Paola Gaiotti De Biase, Ermanno Gorrieri, Nicol\u00f2 Lipari, Luciano Pazzaglia, Luigi Pedrazzi, Roberto Pertile, Livio Pescia, Paolo Prodi, Roberto Ruffilli, Pietro Scoppola), i quali misero a disposizione tempo ed energie sia per la diffusione della rivista Appunti di cultura e politica (stampata ancor oggi-vedi sito), sia attraverso l&#8217;organizzazione di Convegni a Brescia ed a Pisa dal titolo suggestivo &#8220;Riamare la politica&#8221; nel 1980 (ci fu regalato allora il bellissimo fiore con la colomba bianca, che ritrovate riprodotto nel sito, a cui affiancammo per anni la bellissima poesia di Jos\u00e8 Marti, per ricordare a tutti la nostra ispirazione al cammino delle comunit\u00e0 sudamericane), sia infine con l&#8217;organizzazione di una prima serie di scuole di formazione politica in Trentino( Mazzin nel 1981, Campitello di Fassa nel 1982) dove parteciparono inaspettatamente circa 200 persone in maggioranza giovani.<\/p>\n<p>Questa partecipazione attiva dei giovani crebbe con il passare degli anni, in particolare nella lunga serie di scuole estive organizzate a Brentonico ancora dalla Lega Democratica sino al 1985 ed in seguito direttamente dalla stessa Rosa Bianca, unitamente alla rivista Il Margine, nel frattempo nata in Trentino, pur se con crescente diffusione nazionale.<\/p>\n<p>Con il tramontare dell&#8217;esperienza della Lega Democratica, nasce, infatti, l&#8217;esigenza di non disperdere n\u00e9 il patrimonio comune, n\u00e8 la ricchezza delle molte relazioni intrecciate, caratterizzate da un rapporto franco, dalla convivialit\u00e0 degli incontri, dalla passione condivisa, dalle scelte di vita radicali.<\/p>\n<p>La Rosa Bianca sceglie di diventare una comunit\u00e0 di vita politica, prima ancora che un&#8217;associazione, scrive un decalogo di comportamento, propone una piccola regola riassunta nei tre consigli: povert\u00e0 di potere, castit\u00e0 di intenti, obbedienza ai bisogni reali dei poveri.<\/p>\n<p>Sono gli anni della occupazione delle Istituzioni da parte del sistema dei partiti, del soffocamento del ruolo delle formazioni sociali, dei primi segnali della corruzione e dell&#8217;affarismo in politica.<\/p>\n<p>La piccola regola assume nella vita personale, professionale, politica, sociale, ecclesiale il valore di una forma di resistenza non violenta seppur vissuta da un piccolo gruppo, di cui la Rosa Bianca italiana era debitrice nei confronti di quella tedesca!<\/p>\n<p>Nel dicembre 1986 decisivo \u00e8 l&#8217;incontro con don Giuseppe Dossetti, una delle pi\u00f9 grandi figure del dopo guerra italiano sia per la politica italiana, fu uno della Commissione dei 70 Costituenti) sia per la spiritualit\u00e0 universale (monaco, fondatore della Piccola Famiglia dell&#8217;Annunziata). Grazie al suo richiamo forte al primato della Scrittura che per i cristiani impegnati in politica diviene il nutrimento indispensabile per giungere ad &#8220;una sapienza della prassi&#8221; attraverso l&#8217;assunzione di &#8220;abiti virtuosi&#8221; e grazie alla perentoria esortazione a continuare sulla strada della formazione, l&#8217;attivit\u00e0 della Rosa Bianca riprese sia con l&#8217;organizzazione delle scuole estive, sia con il periodico incontro annuale di spiritualit\u00e0, sia con l&#8217;attuazione di laboratori locali di sperimentazione politica, sia infine attraverso alcune azioni simboliche tra le quali la pi\u00f9 nota riguard\u00f2 l&#8217;inoltro della difesa della buona fama di Giuseppe Lazzati (Costituente, rettore dell&#8217;Universit\u00e0 Cattolica, maestro di laicit\u00e0) innanzi al Tribunale ecclesiastico milanese.(cfr. sul sito i links <em>Il Caso Lazzati<\/em>).<\/p>\n<p>La scelta dei temi formativi e degli ambiti di discussione viene scandita non solo dall&#8217;attualit\u00e0 politica, culturale, sociale ed ecclesiale italiana, ma anche dall&#8217;attenzione a ci\u00f2 che si muove, avanza, cresce o decresce nel mondo intero ed in particolare nei paesi impoveriti ma ricchi di fermento ideale ed all&#8217;avanguardia nel rinnovamento dell&#8217;amore per la polis.<\/p>\n<p>La scelta dei relatori nel corso degli anni non si limita alle competenze acquisite negli atenei, ai risultati della ricerca o dell&#8217;elaborazione di pensiero, ma guarda alle esperienze concrete di vita anche nascosta, al valore delle testimonianze, alla contemplazione della bellezza, alla scuola della sofferenza e dei poveri, alla pedagogia della poesia, al silenzio operoso dell&#8217;arte.<\/p>\n<p>L&#8217;elenco che segue non \u00e8 solo riassuntivo ma evocativo di un lungo percorso che trova la sua sintesi nell&#8217;efficacia delle parole dei titoli.<\/p>\n<p>Se alla lettura dei titoli si aggiunge la data ed il luogo degli incontri, possono essere scorti in filigrana non solo gli eventi locali e nazionale in cui si colloca la vita di quella che nel 1989 diventa Associazione Rosa Bianca, ma anche gli orientamenti, le azioni, i mutamenti di direzione, gli avvicendamenti di chi lavora, indirizza, opera, che caratterizzano lo svolgersi di tanti anni di attivit\u00e0.<\/p>\n<p>Si possono intravedere le svolte che spingono la stessa Rosa Bianca verso un impegno pi\u00f9 fortemente politico e di denuncia come negli anni di Tangentopoli o delle stragi di mafia, oppure pi\u00f9 progettuale e culturale, come nella ripresa del pensiero personalistico-comunitario ed infine pi\u00f9 di resistenza al dilagare del pensiero debole e del catastrofismo cosmico attraverso l&#8217;offerta di orizzonti di speranza, di bellezza, di futuro.<\/p>\n<p>Si intravede il dolore per la perdita di amici cari, alcuni uccisi, come Roberto Ruffilli, si intuisce l&#8217;impegno diretto di alcuni nella politica istituzionale nazionale o locale, si evidenzia la scelta per molti aderenti, pur nel rispetto della scelta plurale, di fondare un nuovo Movimento politico nazionale (Movimento per la Democrazia La Rete), si scopre la necessit\u00e0 di trovare altre forme per la democrazia, per l&#8217;economia, per lo stato sociale, per la giustizia, si manifesta sempre il desiderio di una chiesa sempre pi\u00f9 fedele al Concilio Vaticano II con il contributo di una teologia dentro la storia ed una vita ecclesiale ancorata alla quotidianit\u00e0 ed allo svelamento dei volti.<\/p>\n<p>Il filo che unisce resta sempre quello dell&#8217;amicizia, dell&#8217;ascolto attento, del desiderio di condivisione, dell&#8217;umilt\u00e0 della ricerca, dalla tenacia nell&#8217;assumersi le responsabilit\u00e0, dall&#8217;amore per le relazioni, dalla custodia del creato, dentro la semplicit\u00e0 di una fede ricevuta, donata, spogliata.<\/p>\n<p>Dietro ogni incontro, ogni evento, ogni iniziativa si nascondono il lavoro prezioso, la presenza discreta, le competenze organizzative ed informatiche, il contributo economico per il totale autofinanziamento, la dedizione di tempo ed energie di moltissime amiche ed amici che hanno costituito il respiro ed hanno mantenuto in vita la nostra Associazione sino ad oggi, i cui nomi, i cui volti, la cui storia ancora gravida di futuro potrete trovare nel nostro sito <a href=\"..\/..\/..\/..\/..\/hom-005\/Impostazioni%20locali\/Temporary%20Internet%20Files\/Impostazioni%20locali\/Temporary%20Internet%20Files\/Desktop\/www.rosabianca.org\">www.rosabianca.org<\/a> (Paolo Pizzichini, Paolo Marangon, Enzo Sarpietro, Francesco e Vivina Pedani, Marco Damilano, Elisabetta Xausa, Sara Villa, Luigi Re, Luciano Galfetti, Monica Cianciullo, Dario Betti, Celestina Antonacci, Urbano Tocci e tantissimi altri, oltre, naturalmente, le presidenti ed i presidenti che si sono avvicendati dopo Paolo Giuntella, Michele Nicoletti, Luisa Broli, Vincenzo Passerini, Giovanni Colombo, Grazia Villa, Fabio Caneri).<\/p>\n<p><strong><u>INCONTRI ESTIVI<\/u><\/strong><\/p>\n<p>Gli incontri estivi di formazione politica organizzate a Brentonico (TN) furono:<\/p>\n<p><strong><em>Il politico e le virt\u00f9 (1987);<\/em><\/strong><\/p>\n<p><strong><em>Cittadini o sudditi? Ricchi e poveri di potere nella democrazia che cambia (1988);<\/em><\/strong><\/p>\n<p><strong><em>Modernizzazione e destino dell&#8217;uomo (1989);<\/em><\/strong><\/p>\n<p><strong><em>La politica e la giustizia: le regole e i frammenti. I cattolici democratici e la riforma della societ\u00e0 italiana( 1990);<\/em><\/strong><\/p>\n<p><strong><em>\u00a0<\/em><\/strong><strong><em>Democrazia e mercato: la speranza di un ordine giusto(1991);<\/em><\/strong><\/p>\n<p><strong><em>\u00a0<\/em><\/strong><strong><em>Quale Repubblica? Il tempo delle scelte( 1992);<\/em><\/strong><\/p>\n<p><strong><em>\u00a0<\/em><\/strong><strong><em>A 50 anni dalla Rosa Bianca: L&#8217;Europa e i suoi fantasmi (1993);<\/em><\/strong><\/p>\n<p><strong><em>\u00a0<\/em><\/strong><strong><em>Sentinella, Quanto resta della notte?I cattolici e i rischi per la democrazia che cambia(1994);<\/em><\/strong><\/p>\n<p><strong><em>Capacit\u00e0 di futuro: La democrazia in Italia e nel mondo verso il terzo millennio (1995);<\/em><\/strong><\/p>\n<p><strong><em>Con l&#8217;Occidente, oltre l&#8217;Occidente (1996);<\/em><\/strong><\/p>\n<p><strong><em>Per una democrazia personalista (1997);<\/em><\/strong><\/p>\n<p><strong><em>La rabbia dei poveri sfida la politica. Destra e sinistra pari sono?( 1998).<\/em><\/strong><\/p>\n<p>Dal 1999 si decide di scendere dalle valli trentine e di iniziare un itinerario sulla strade d\u2019Italia, a partire dal Sud, si organizzano cos\u00ec le due Scuole di Formazione ad Oria (Brindisi)<\/p>\n<p><strong><em>\u00a0<\/em><\/strong><strong><em>Spezzare le catene. Immigrati ed oppressi provocano l&#8217;Europa (1999);<\/em><\/strong><\/p>\n<p><strong><em>Tante stelle sotto un unico cielo. Le risposte della societ\u00e0 e della Chiesa alla paura dello straniero. (2000)<\/em><\/strong><\/p>\n<p>Dopo una pausa di riflessione con una scuola di autoformazione senza relatori &#8220;esterni&#8221; al Monte Bondone nel 2001, si torna a pensare, agire, peregrinare sulle orme del personalismo comunitario con lo sguardo orientato verso la realizzazione di utopie concrete.<\/p>\n<p>Ed allora ancora scuole in diverse localit\u00e0:<\/p>\n<p><strong><em>La bellezza della comunit\u00e0. Identit\u00e0 e progetto del personalismo comunitario in Italia. Assisi (2002);<\/em><\/strong><\/p>\n<p><strong><em>Governare il mondo un&#8217;utopia possibile. Triuggio (MI) (2003);<\/em><\/strong><\/p>\n<p><strong><em>Tornino i volti, L&#8217;arte del dialogo in un mondo di soli. Gualdo Tadino (2004);<\/em><\/strong><\/p>\n<p><strong><em>Ora \u00e8 tempo di gioia. Rose belle per un&#8217;Italia nuova.\u00a0 Camaldoli (2005)<\/em><\/strong><\/p>\n<p><strong><em>Per amore le radici della buona politica. Rimini (2006) <\/em><\/strong><\/p>\n<p><strong><em>L&#8217;amore conta. Per una democrazia ad alta energia. Cesenatico (2007).<\/em><\/strong><\/p>\n<p><strong><em>L\u2019aratro, l\u2019ipod e le\u00a0 stelle. Roncegno (TN) (2008)<\/em><\/strong><\/p>\n<p><strong><em>Libert\u00e0 fuori le mura. Roncegno (TN) (2009)<\/em><\/strong><\/p>\n<p><strong><em>E\u2019 tempo di pensieri e passioni forti. Solo nel fuoco si semina il fuoco Roncegno (TN) ( 2010)<\/em><\/strong><\/p>\n<p><strong><em>Disuguaglianze<\/em><\/strong><strong><em>&#8211; In<\/em><\/strong><strong><em>differenze- <\/em><\/strong><strong><em>Mer<\/em><\/strong><strong><em>canti- <\/em><\/strong><strong><em>La bella politica addormentata nell\u2019incantesimo globale Terzolas (TN) 2011)<\/em><\/strong><\/p>\n<p><strong><em>Pop12 Il<\/em><\/strong><strong><em> risveglio<\/em><\/strong><strong><em> dei<\/em><\/strong><strong><em> popoli<\/em><\/strong><strong><em> nella<\/em><\/strong><strong><em> crisi<\/em><\/strong><strong><em> delle<\/em><\/strong><strong><em> sovranit\u00e0<\/em><\/strong><strong><em> Terzolas (TN) (2012)<\/em><\/strong><\/p>\n<p><strong><em>\u201cNoi non taceremo\u201d \u2026 ancora. Terzolas (TN) (2013)<\/em><\/strong><\/p>\n<p><strong><em>Ri-amare la politica. Terzolas (TN) (2014)<\/em><\/strong><\/p>\n<p><strong><em>Terra, Casa, Lavoro. Baida (PA) (2015)<\/em><\/strong><\/p>\n<p><strong><em>Rischiare la pace. Terzolas (TN) (2015)<\/em><\/strong><\/p>\n<p><strong><em>\u201cPi\u00f9 lento, pi\u00f9 dolce, pi\u00f9 profondo\u201d. Terzolas (2016)<\/em><\/strong><\/p>\n<p><strong><em>\u201cI Care\u201d Democrazia e prossimit\u00e0. Terzolas (2017)<\/em><\/strong><\/p>\n<p><em><strong>Sconfinamenti, tra sogni e visioni.<\/strong><\/em> <strong><em>Terzolas (2018)\u00a0<\/em><\/strong><\/p>\n<p><em><strong>Sostenibilit\u00e0, giustizia sociale e ambientale. Terzolas (2019)<\/strong> <\/em><\/p>\n<p><strong><u>INCONTRI DI SPIRITUALITA\u2019-SEMINARI DI STUDIO.<\/u><\/strong><\/p>\n<p><strong><em>Il volto dell\u2019altro la fraternit\u00e0 come fondamento etico della nuova politica, Firenze, 4-6 gen. 1990.<\/em><\/strong><\/p>\n<p><strong><em>Radicalit\u00e0 evangelica e impegno civile, Firenze, 7-8 dic. 1992.<\/em><\/strong><\/p>\n<p><strong><em>La via dei figli di Dio che costruiscono la pace, 14-15 gennaio, Roma 1995.<\/em><\/strong><\/p>\n<p><strong><em>Notte della fede, notte della Chiesa, Milano 28 ott. 1995.<\/em><\/strong><\/p>\n<p><strong><em>La fede alla prova del deserto. Roma, Centro Aletti 25-26 gen. 1997 <\/em><\/strong><\/p>\n<p><strong><em>La memoria pericolosa di Giuseppe Dossetti, Trento, 4-5 ott. 1997.<\/em><\/strong><\/p>\n<p><strong><em>La\u00a0 controtendenza del bene comune. Persona e comunit\u00e0 di fronte alla contingenza politica. Loreto 3-6 gen.1998<\/em><\/strong><\/p>\n<p><strong><em>Una porta per dove? La chiesa al passaggio del millennio. <\/em><\/strong><strong><em>Monastero di Bose, 30 set. -1 ott. 2000<\/em><\/strong><\/p>\n<p><em><strong>Tracce di speranza. Tirrenia (PI), 2- 3 gennaio 2010<\/strong><\/em><\/p>\n<p><strong><u>VISITE LUOGHI DOSSETTIANI<\/u><\/strong><\/p>\n<p><strong><em>Monteveglio 16-17 aprile 1994. Monte Sole 22-23 marzo 1997.<\/em><\/strong><strong><em>\u00a0<\/em><\/strong><\/p>\n<p><strong><u>CAMPI MOBILI<\/u><\/strong><\/p>\n<p><strong><em>Per una nuova spiritualit\u00e0, Bose-Monaco 26-30 luglio 1994<\/em><\/strong><\/p>\n<p><strong><em>La Parola e la strada , Bose-Torino (Gruppo Abele) 23-29 luglio 1995<\/em><\/strong><\/p>\n<p><strong><em>Povert\u00e0 e ricchezza: come pensare ancora politica, Capodarco-Spello\u00a0 28 luglio-3 agosto 1996<\/em><\/strong><\/p>\n<p><strong><em>Petali di Rosa Bianca in Salento, Lecce-Ostuni 2-5 gennaio 2011<\/em><\/strong><\/p>\n<p><em><strong>Diritti umani universali e sacralit\u00e0 della vita. San Martino in Vignale (LU), 9-10 aprile 2011<\/strong><\/em><\/p>\n<p><strong><em>Sophie e Hans: la terra delle origini e i loro spostamenti (campo mobile), Ludwigsburg-Monaco\u00a0 25-27 aprile 2012<\/em><\/strong><\/p>\n","protected":false},"excerpt":{"rendered":"<p>STORIA La memoria della Weisse Rose, le idee, le parole, l&#8217;azione politica di resistenza non violenta, il coraggio fino al martirio degli studenti di Monaco hanno affascinato ed affascinano generazioni di giovani europei. Negli ultimi anni la loro storia \u00e8 diventata patrimonio condiviso dell\u2019Europa, grazie al lavoro instancabile delle Associazioni tedesche e recentemente al successo &hellip; <a href=\"https:\/\/www.rosabianca.org\/?page_id=2242\" class=\"more-link\">Continua la lettura di <span class=\"screen-reader-text\">La Rosa Bianca in Italia<\/span> <span class=\"meta-nav\">&rarr;<\/span><\/a><\/p>\n","protected":false},"author":1,"featured_media":0,"parent":0,"menu_order":0,"comment_status":"closed","ping_status":"closed","template":"","meta":{"footnotes":""},"class_list":["post-2242","page","type-page","status-publish","hentry"],"publishpress_future_action":{"enabled":false,"date":"2026-05-06 01:52:49","action":"change-status","newStatus":"draft","terms":[],"taxonomy":"","extraData":[]},"publishpress_future_workflow_manual_trigger":{"enabledWorkflows":[]},"_links":{"self":[{"href":"https:\/\/www.rosabianca.org\/index.php?rest_route=\/wp\/v2\/pages\/2242","targetHints":{"allow":["GET"]}}],"collection":[{"href":"https:\/\/www.rosabianca.org\/index.php?rest_route=\/wp\/v2\/pages"}],"about":[{"href":"https:\/\/www.rosabianca.org\/index.php?rest_route=\/wp\/v2\/types\/page"}],"author":[{"embeddable":true,"href":"https:\/\/www.rosabianca.org\/index.php?rest_route=\/wp\/v2\/users\/1"}],"replies":[{"embeddable":true,"href":"https:\/\/www.rosabianca.org\/index.php?rest_route=%2Fwp%2Fv2%2Fcomments&post=2242"}],"version-history":[{"count":7,"href":"https:\/\/www.rosabianca.org\/index.php?rest_route=\/wp\/v2\/pages\/2242\/revisions"}],"predecessor-version":[{"id":4789,"href":"https:\/\/www.rosabianca.org\/index.php?rest_route=\/wp\/v2\/pages\/2242\/revisions\/4789"}],"wp:attachment":[{"href":"https:\/\/www.rosabianca.org\/index.php?rest_route=%2Fwp%2Fv2%2Fmedia&parent=2242"}],"curies":[{"name":"wp","href":"https:\/\/api.w.org\/{rel}","templated":true}]}}